{"id":1921,"date":"2020-11-16T16:09:00","date_gmt":"2020-11-16T19:09:00","guid":{"rendered":"https:\/\/museudofutebol.org.br\/teste\/?page_id=1921"},"modified":"2025-01-31T12:46:49","modified_gmt":"2025-01-31T15:46:49","slug":"equipo","status":"publish","type":"page","link":"https:\/\/museudofutebol.org.br\/teste\/es\/institucional-es\/equipo\/","title":{"rendered":"Equipo"},"content":{"rendered":"<div class=\"wpb-content-wrapper\"><p>[vc_row][vc_column width=&#8221;2\/3&#8243;][vc_custom_heading text=&#8221;Gobierno del Estado de S\u00e3o Paulo&#8221; font_container=&#8221;tag:h3|text_align:left&#8221; use_theme_fonts=&#8221;yes&#8221;][vc_column_text]Gobernador | Tarc\u00edsio de Freitas<br \/>\nVicegobernador | Fel\u00edcio Ramuth[\/vc_column_text][vc_custom_heading text=&#8221;Secretario de Cultura y Econom\u00eda Creativa del Estado de S\u00e3o Paulo&#8221; font_container=&#8221;tag:h4|text_align:left&#8221; use_theme_fonts=&#8221;yes&#8221;][vc_column_text css=&#8221;&#8221;]Secretaria | Marilia Marton<\/p>\n<p>Secretario Ejecutivo | Marcelo Assis<\/p>\n<p>Jefe de Gabinete | Daniel Scheiblich Rodrigues<\/p>\n<p>Coordinadora de la Unidad de Preservaci\u00f3n del Patrimonio Museol\u00f3gico | Mirian Midori Peres Yagui<\/p>\n<p>Director del Grupo de Coordinaci\u00f3n T\u00e9cnica del Sistema de Museos del Estado | Sofia Gon\u00e7alez<\/p>\n<p>Directora del Centro de Apoyo Administrativo | Regiane Lima Justino<\/p>\n<p>Directora del Grupo de Apoyo a Preservaci\u00f3n del Patrimonio Museol\u00f3gico | Luana Vieira<\/p>\n<p>&nbsp;<\/p>\n<p><strong>Equipo t\u00e9cnico de la Unidad de Conservaci\u00f3n del Patrimonio del Museo<\/strong><\/p>\n<p>Angelita Soraia Fantagussi<\/p>\n<p>Dayane Rosalina Ribeiro<\/p>\n<p>Eleonora Maria Fincato Fleury<\/p>\n<p>Marcia Pisaneschi Sorrentino<\/p>\n<p>Marcos Ant\u00f4nio Nogueira da Silva<\/p>\n<p>Roberta Martins Silva<\/p>\n<p>Tayna da Silva Rios<\/p>\n<p>Thiago Brand\u00e3o Xavier[\/vc_column_text][vc_custom_heading text=&#8221;IDBrasil Cultura, Educa\u00e7\u00e3o e Esporte&#8221; font_container=&#8221;tag:h3|text_align:left&#8221; use_theme_fonts=&#8221;yes&#8221;][vc_column_text]Organizaci\u00f3n Social de Cultura[\/vc_column_text][vc_custom_heading text=&#8221;Consejo de Administraci\u00f3n&#8221; font_container=&#8221;tag:h4|text_align:left&#8221; use_theme_fonts=&#8221;yes&#8221;][vc_column_text]Consejeros | Dalton Pastore Junior (Presidente), Matheus Gregorini Costa (Vice-presidente), Esmeralda Vailati Negr\u00e3o,\u00a0 Fernando Jos\u00e9 de Almeida, Francisco Vidal Luna, Gustavo Normanton Delbin, Haim Franco, Julia Paccanaro Rosa, Larissa Torres Gra\u00e7a, Luiz Laurent Bloch, Marina de Mello e Souza, Melise Pereira, Nelson Savioli, Raquel Iglesias Verdenacci.<\/p>\n<p>Consejo Fiscal | Andr\u00e9 de Ara\u00fajo Souza (presidente), Raul Antonio Correa da Silva, Vicente de Paula de Oliveira.<\/p>\n<p>Consejo Consultivo | Aline Pellegrino, Antonio de P\u00e1dua Prado Jr, Ant\u00f4nio Goulart dos Reis, Eduardo Alfano Vieira, Eduardo Machado Barella, Luis Francisco de Sales, Maria Luiza de Souza Dias,\u00a0 Ophir Correa de Toledo Filho, Waltely de Oliveira Longo.[\/vc_column_text][vc_custom_heading text=&#8221;Direcci\u00f3n&#8221; font_container=&#8221;tag:h4|text_align:left&#8221; use_theme_fonts=&#8221;yes&#8221;][vc_column_text css=&#8221;&#8221;]Directora Ejecutiva | Renata Vieira da Motta<\/p>\n<p>Directora Administrativa y Financiera | Vit\u00f3ria Boldrin<\/p>\n<p>Asesoramiento Museol\u00f3gico | Luiz Fernando Mizukam (Asesor M\u00faseologia), Carolina Rocha (Asistente T\u00e9cnico), Karina Macedo (Productor) y Vilma Campos (Asistente )<\/p>\n<p>Asistente | Ellen Nicolau, y Naiah Mendon\u00e7a[\/vc_column_text][vc_custom_heading text=&#8221;Museu do Futebol&#8221; font_container=&#8221;tag:h3|text_align:left&#8221; use_theme_fonts=&#8221;yes&#8221;][vc_column_text]Directora T\u00e9cnica | Mar\u00edlia Bonas[\/vc_column_text][vc_custom_heading text=&#8221;N\u00facleo de Comunicaci\u00f3n y Marketing&#8221; font_container=&#8221;tag:h4|text_align:left&#8221; use_theme_fonts=&#8221;yes&#8221;][vc_column_text css=&#8221;&#8221;]Renata Beltr\u00e3o (Coordinadora), L\u00edvia Albernaz\u00a0 y Simone Hozawa (Asistentes de Comunicaci\u00f3n),\u00a0 Hugo Takeyama (Designer) y Dom\u00eanica Luciano (Interna)[\/vc_column_text][vc_custom_heading text=&#8221;N\u00facleo de Desarrollo Institucional&#8221; font_container=&#8221;tag:h4|text_align:left&#8221; use_theme_fonts=&#8221;yes&#8221;][vc_column_text]Carolina Bianchi (Coordinadora), Ariana Marassi (Supervisora de Desarrollo Institucional), Carolina Gomes. Flavia Macedo y Mariana de Andrade\u00a0 (T\u00e9cnicas de Desarrollo Institucional)[\/vc_column_text][vc_custom_heading text=&#8221;N\u00facleo de Exposiciones y Programaci\u00f3n Cultural&#8221; font_container=&#8221;tag:h4|text_align:left&#8221; use_theme_fonts=&#8221;yes&#8221;][vc_column_text css=&#8221;&#8221;]Ma\u00edra Correa Machado (Coordinadora), Fl\u00e1vio Benatti y Robson Mendes (Productores)<\/p>\n<div id=\"gtx-trans\" style=\"position: absolute; left: 105px; top: 37px;\">\n<div class=\"gtx-trans-icon\"><\/div>\n<\/div>\n<p>[\/vc_column_text][vc_custom_heading text=&#8221;N\u00facleo de Gesti\u00f3n Administrativo y Financiero&#8221; font_container=&#8221;tag:h4|text_align:left&#8221; use_theme_fonts=&#8221;yes&#8221;][vc_column_text]Jos\u00e9 Roberto Nascimento (Coordinador), Luciane Maringolo Vallilo (Analista Administrativo), Eduardo Zambianco,\u00a0 Elaine Fernandes Miralha, Everton Luiz Morelli Santos,\u00a0 Leticia Boregio, Manoel Nuriega y Renata Alves Silva (Analistas Administrativos y Financieros), Margarete dos Santos Sousa (Supervisora de Taquilla), Elizandra Souza, Guilherme Felix Moreira, Kevin Alves Sousa y Osvaldo Rodrigues (Taquilleros)[\/vc_column_text][vc_custom_heading text=&#8221;N\u00facleo de Gesti\u00f3n de Recursos Humanos&#8221; font_container=&#8221;tag:h4|text_align:left&#8221; use_theme_fonts=&#8221;yes&#8221;][vc_column_text css=&#8221;&#8221;]Paulo Silva (Coordinador), Andreza Lima, Josene Barbosa,\u00a0 Karolina Ferreira, Thalyta Ramos y Sergio Louren\u00e7o (Analistas de Recursos Humanos) e Daniely Sanches (Aprendices)[\/vc_column_text][vc_custom_heading text=&#8221;N\u00facleo de Infraestructura y Operaci\u00f3n&#8221; font_container=&#8221;tag:h4|text_align:left&#8221; use_theme_fonts=&#8221;yes&#8221;][vc_column_text]Luis Marcatto (Coordinador), Rui C. Ara\u00fajo Tucunduva (Asistente de Coordinaci\u00f3n), Jos\u00e9 Iz\u00eddio Silva (Asistentes de Servicios Operacionales), Weslley Souza de Almeida (Asistente Administrativo), Carlito P. Santos, Douglas Pe\u00e7anha y Jorge Ubiratan A. Santos (Auxiliar de Servicio de Mantenimiento).[\/vc_column_text][vc_custom_heading text=&#8221;N\u00facleo de Tecnolog\u00eda&#8221; font_container=&#8221;tag:h4|text_align:left&#8221; use_theme_fonts=&#8221;yes&#8221;][vc_column_text]Felipe Macchiaverni (Coordinador), Anselmo Ricardo de Macedo, Diego Roberto Bueno, Eduardo Gomes da Silva, Luiz Felipe Montoni y Pedro Henrique de Ara\u00fajo (Analistas de Tecnolog\u00eda) y Gabriel Santos (Aprendiz)[\/vc_column_text][vc_custom_heading text=&#8221;N\u00facleo del Centro de Referencia del F\u00fatbol Brasile\u00f1o&#8221; font_container=&#8221;tag:h4|text_align:left&#8221; use_theme_fonts=&#8221;yes&#8221;][vc_column_text]Fiorela Bugatti Isolan (Coordinadora), Ademir Massayoshi Takara (Bibliotecario), D\u00f3ris Regis das Virgens (T\u00e9cnica de Documentaci\u00f3n), Fabiana Neves (Asistente de Documentaci\u00f3n) and Everton Cassimiro Apolin\u00e1rio y Marcel Tonini (Investigadores)[\/vc_column_text][vc_custom_heading text=&#8221;N\u00facleo Educativo&#8221; font_container=&#8221;tag:h4|text_align:left&#8221; use_theme_fonts=&#8221;yes&#8221;][vc_column_text css=&#8221;&#8221;]Marcelo Continelli (Coordinador), D\u00e9bora Henrique de Oliveira (Asistente de Coordinaci\u00f3n Educativa),\u00a0 (Emerson Prata (Asistente de Capacitaci\u00f3n y Contenidos) y Claudia Correia da Silva (Asistente Administrativo).<\/p>\n<p>Supervisores de Equipo: Ademir Alves Soares.<\/p>\n<p>Educadores: Amaury Brito, Ana Pacheco, Andr\u00e9 Benazzi Piranda, Ang\u00e9lica dos Santos Angelo, Brunno Costa,\u00a0 Denis Oliveira, Denis Silveira, Isabela Rossi, Leandro Watanabe, Matheus Alves Vilela, Vin\u00edcius Leite y Yasmin Amorim.<\/p>\n<p>Orientadores de P\u00fablico: Amanda Freitas, Anderson Novaes da Silva, Bianca Arocho, Carlos Garzin, Clodildes Maris, Danilo Garcia, Eduardi Sousa, Kyna Couto, Gabriel Castro, Ian Santana De Souza, Julia Guimar\u00e3es, Julia Torres, Kayc Rabello, Laryssa Santos, Mauro Alves de Almeida, Nicolly Afonso, Patr\u00edcia Vieira Alves, Raul Montecinos, Samuel Pelaquim, Sarah Costa, Stefano Volpini, Vit\u00f3ria Ananias e Vin\u00edcius Amaral[\/vc_column_text][\/vc_column][vc_column width=&#8221;1\/3&#8243;][vc_wp_custommenu nav_menu=&#8221;98&#8243;][\/vc_column][\/vc_row]<\/p>\n<\/div>","protected":false},"excerpt":{"rendered":"<p>[vc_row][vc_column width=&#8221;2\/3&#8243;][vc_custom_heading text=&#8221;Gobierno del Estado de S\u00e3o Paulo&#8221; font_container=&#8221;tag:h3|text_align:left&#8221; use_theme_fonts=&#8221;yes&#8221;][vc_column_text]Gobernador | Tarc\u00edsio de Freitas Vicegobernador | Fel\u00edcio Ramuth[\/vc_column_text][vc_custom_heading text=&#8221;Secretario de Cultura y Econom\u00eda Creativa del Estado<span class=\"excerpt-hellip\"> [\u2026]<\/span><\/p>\n","protected":false},"author":13,"featured_media":0,"parent":1910,"menu_order":0,"comment_status":"closed","ping_status":"closed","template":"","meta":[],"acf":[],"yoast_head":"<!-- This site is optimized with the Yoast SEO plugin v20.8 - https:\/\/yoast.com\/wordpress\/plugins\/seo\/ -->\n<title>Equipo - Museu do Futebol<\/title>\n<meta name=\"robots\" content=\"index, follow, max-snippet:-1, max-image-preview:large, max-video-preview:-1\" \/>\n<link rel=\"canonical\" href=\"https:\/\/museudofutebol.org.br\/teste\/es\/institucional-es\/equipo\/\" \/>\n<meta property=\"og:locale\" content=\"pt_BR\" \/>\n<meta property=\"og:type\" content=\"article\" \/>\n<meta property=\"og:title\" content=\"Equipo - Museu do Futebol\" \/>\n<meta property=\"og:description\" content=\"[vc_row][vc_column width=&#8221;2\/3&#8243;][vc_custom_heading text=&#8221;Gobierno del Estado de S\u00e3o Paulo&#8221; font_container=&#8221;tag:h3|text_align:left&#8221; use_theme_fonts=&#8221;yes&#8221;][vc_column_text]Gobernador | Tarc\u00edsio de Freitas Vicegobernador | Fel\u00edcio Ramuth[\/vc_column_text][vc_custom_heading text=&#8221;Secretario de Cultura y Econom\u00eda Creativa del Estado [\u2026]\" \/>\n<meta property=\"og:url\" content=\"https:\/\/museudofutebol.org.br\/teste\/es\/institucional-es\/equipo\/\" \/>\n<meta property=\"og:site_name\" content=\"Museu do Futebol\" \/>\n<meta property=\"article:publisher\" content=\"https:\/\/www.facebook.com\/museudofutebol\" \/>\n<meta property=\"article:modified_time\" content=\"2025-01-31T15:46:49+00:00\" \/>\n<meta name=\"twitter:card\" content=\"summary_large_image\" \/>\n<meta name=\"twitter:site\" content=\"@museudofutebol\" \/>\n<meta name=\"twitter:label1\" content=\"Est. tempo de leitura\" \/>\n\t<meta name=\"twitter:data1\" content=\"4 minutos\" \/>\n<script type=\"application\/ld+json\" class=\"yoast-schema-graph\">{\"@context\":\"https:\/\/schema.org\",\"@graph\":[{\"@type\":\"WebPage\",\"@id\":\"https:\/\/museudofutebol.org.br\/teste\/es\/institucional-es\/equipo\/\",\"url\":\"https:\/\/museudofutebol.org.br\/teste\/es\/institucional-es\/equipo\/\",\"name\":\"Equipo - Museu do Futebol\",\"isPartOf\":{\"@id\":\"https:\/\/museudofutebol.org.br\/teste\/#website\"},\"datePublished\":\"2020-11-16T19:09:00+00:00\",\"dateModified\":\"2025-01-31T15:46:49+00:00\",\"breadcrumb\":{\"@id\":\"https:\/\/museudofutebol.org.br\/teste\/es\/institucional-es\/equipo\/#breadcrumb\"},\"inLanguage\":\"pt-BR\",\"potentialAction\":[{\"@type\":\"ReadAction\",\"target\":[\"https:\/\/museudofutebol.org.br\/teste\/es\/institucional-es\/equipo\/\"]}]},{\"@type\":\"BreadcrumbList\",\"@id\":\"https:\/\/museudofutebol.org.br\/teste\/es\/institucional-es\/equipo\/#breadcrumb\",\"itemListElement\":[{\"@type\":\"ListItem\",\"position\":1,\"name\":\"In\u00edcio\",\"item\":\"https:\/\/museudofutebol.org.br\/teste\/\"},{\"@type\":\"ListItem\",\"position\":2,\"name\":\"Institucional\",\"item\":\"https:\/\/museudofutebol.org.br\/teste\/es\/institucional-es\/\"},{\"@type\":\"ListItem\",\"position\":3,\"name\":\"Equipo\"}]},{\"@type\":\"WebSite\",\"@id\":\"https:\/\/museudofutebol.org.br\/teste\/#website\",\"url\":\"https:\/\/museudofutebol.org.br\/teste\/\",\"name\":\"Museu do Futebol\",\"description\":\"\",\"potentialAction\":[{\"@type\":\"SearchAction\",\"target\":{\"@type\":\"EntryPoint\",\"urlTemplate\":\"https:\/\/museudofutebol.org.br\/teste\/?s={search_term_string}\"},\"query-input\":\"required name=search_term_string\"}],\"inLanguage\":\"pt-BR\"}]}<\/script>\n<!-- \/ Yoast SEO plugin. -->","yoast_head_json":{"title":"Equipo - Museu do Futebol","robots":{"index":"index","follow":"follow","max-snippet":"max-snippet:-1","max-image-preview":"max-image-preview:large","max-video-preview":"max-video-preview:-1"},"canonical":"https:\/\/museudofutebol.org.br\/teste\/es\/institucional-es\/equipo\/","og_locale":"pt_BR","og_type":"article","og_title":"Equipo - Museu do Futebol","og_description":"[vc_row][vc_column width=&#8221;2\/3&#8243;][vc_custom_heading text=&#8221;Gobierno del Estado de S\u00e3o Paulo&#8221; font_container=&#8221;tag:h3|text_align:left&#8221; use_theme_fonts=&#8221;yes&#8221;][vc_column_text]Gobernador | Tarc\u00edsio de Freitas Vicegobernador | Fel\u00edcio Ramuth[\/vc_column_text][vc_custom_heading text=&#8221;Secretario de Cultura y Econom\u00eda Creativa del Estado [\u2026]","og_url":"https:\/\/museudofutebol.org.br\/teste\/es\/institucional-es\/equipo\/","og_site_name":"Museu do Futebol","article_publisher":"https:\/\/www.facebook.com\/museudofutebol","article_modified_time":"2025-01-31T15:46:49+00:00","twitter_card":"summary_large_image","twitter_site":"@museudofutebol","twitter_misc":{"Est. tempo de leitura":"4 minutos"},"schema":{"@context":"https:\/\/schema.org","@graph":[{"@type":"WebPage","@id":"https:\/\/museudofutebol.org.br\/teste\/es\/institucional-es\/equipo\/","url":"https:\/\/museudofutebol.org.br\/teste\/es\/institucional-es\/equipo\/","name":"Equipo - Museu do Futebol","isPartOf":{"@id":"https:\/\/museudofutebol.org.br\/teste\/#website"},"datePublished":"2020-11-16T19:09:00+00:00","dateModified":"2025-01-31T15:46:49+00:00","breadcrumb":{"@id":"https:\/\/museudofutebol.org.br\/teste\/es\/institucional-es\/equipo\/#breadcrumb"},"inLanguage":"pt-BR","potentialAction":[{"@type":"ReadAction","target":["https:\/\/museudofutebol.org.br\/teste\/es\/institucional-es\/equipo\/"]}]},{"@type":"BreadcrumbList","@id":"https:\/\/museudofutebol.org.br\/teste\/es\/institucional-es\/equipo\/#breadcrumb","itemListElement":[{"@type":"ListItem","position":1,"name":"In\u00edcio","item":"https:\/\/museudofutebol.org.br\/teste\/"},{"@type":"ListItem","position":2,"name":"Institucional","item":"https:\/\/museudofutebol.org.br\/teste\/es\/institucional-es\/"},{"@type":"ListItem","position":3,"name":"Equipo"}]},{"@type":"WebSite","@id":"https:\/\/museudofutebol.org.br\/teste\/#website","url":"https:\/\/museudofutebol.org.br\/teste\/","name":"Museu do Futebol","description":"","potentialAction":[{"@type":"SearchAction","target":{"@type":"EntryPoint","urlTemplate":"https:\/\/museudofutebol.org.br\/teste\/?s={search_term_string}"},"query-input":"required name=search_term_string"}],"inLanguage":"pt-BR"}]}},"_links":{"self":[{"href":"https:\/\/museudofutebol.org.br\/teste\/wp-json\/wp\/v2\/pages\/1921"}],"collection":[{"href":"https:\/\/museudofutebol.org.br\/teste\/wp-json\/wp\/v2\/pages"}],"about":[{"href":"https:\/\/museudofutebol.org.br\/teste\/wp-json\/wp\/v2\/types\/page"}],"author":[{"embeddable":true,"href":"https:\/\/museudofutebol.org.br\/teste\/wp-json\/wp\/v2\/users\/13"}],"replies":[{"embeddable":true,"href":"https:\/\/museudofutebol.org.br\/teste\/wp-json\/wp\/v2\/comments?post=1921"}],"version-history":[{"count":63,"href":"https:\/\/museudofutebol.org.br\/teste\/wp-json\/wp\/v2\/pages\/1921\/revisions"}],"predecessor-version":[{"id":14895,"href":"https:\/\/museudofutebol.org.br\/teste\/wp-json\/wp\/v2\/pages\/1921\/revisions\/14895"}],"up":[{"embeddable":true,"href":"https:\/\/museudofutebol.org.br\/teste\/wp-json\/wp\/v2\/pages\/1910"}],"wp:attachment":[{"href":"https:\/\/museudofutebol.org.br\/teste\/wp-json\/wp\/v2\/media?parent=1921"}],"curies":[{"name":"wp","href":"https:\/\/api.w.org\/{rel}","templated":true}]}}