{"id":79,"date":"2020-03-24T02:30:48","date_gmt":"2020-03-24T05:30:48","guid":{"rendered":"https:\/\/museudofutebol.org.br\/teste\/?page_id=79"},"modified":"2025-01-31T18:47:54","modified_gmt":"2025-01-31T21:47:54","slug":"institucional-pt","status":"publish","type":"page","link":"https:\/\/museudofutebol.org.br\/teste\/institucional-pt\/","title":{"rendered":"Institucional"},"content":{"rendered":"<div class=\"wpb-content-wrapper\"><p>[vc_row][vc_column width=&#8221;2\/3&#8243;][vc_column_text css=&#8221;&#8221;]<img decoding=\"async\" loading=\"lazy\" class=\"alignnone wp-image-874 size-large\" src=\"https:\/\/museudofutebol.org.br\/teste\/wp-content\/uploads\/2020\/09\/MF_0168-Marcos-LopesRED-1024x682.png\" alt=\"\" width=\"1024\" height=\"682\" srcset=\"https:\/\/museudofutebol.org.br\/teste\/wp-content\/uploads\/2020\/09\/MF_0168-Marcos-LopesRED-1024x682.png 1024w, https:\/\/museudofutebol.org.br\/teste\/wp-content\/uploads\/2020\/09\/MF_0168-Marcos-LopesRED-300x200.png 300w, https:\/\/museudofutebol.org.br\/teste\/wp-content\/uploads\/2020\/09\/MF_0168-Marcos-LopesRED-768x512.png 768w, https:\/\/museudofutebol.org.br\/teste\/wp-content\/uploads\/2020\/09\/MF_0168-Marcos-LopesRED-219x146.png 219w, https:\/\/museudofutebol.org.br\/teste\/wp-content\/uploads\/2020\/09\/MF_0168-Marcos-LopesRED-50x33.png 50w, https:\/\/museudofutebol.org.br\/teste\/wp-content\/uploads\/2020\/09\/MF_0168-Marcos-LopesRED-113x75.png 113w, https:\/\/museudofutebol.org.br\/teste\/wp-content\/uploads\/2020\/09\/MF_0168-Marcos-LopesRED.png 1124w\" sizes=\"(max-width:767px) 480px, (max-width:1024px) 100vw, 1024px\" \/><\/p>\n<p>Localizado numa \u00e1rea de 6.900 m\u00b2 no avesso das arquibancadas do Est\u00e1dio Municipal Paulo Machado de Carvalho \u2013 o Pacaembu, o Museu do Futebol foi inaugurado em 29 de setembro de 2008.<\/p>\n<p>A exposi\u00e7\u00e3o principal, distribu\u00edda em 15 salas tem\u00e1ticas, narra de forma l\u00fadica e interativa como o futebol chegou ao Brasil e se tornou parte da nossa hist\u00f3ria e nossa cultura. \u00c9 um museu, portanto, aberto ao conv\u00edvio de todos os p\u00fablicos, amantes ou n\u00e3o do esporte mais popular do planeta. O atendimento ao visitante \u00e9 prioridade nas a\u00e7\u00f5es educativas do Museu, que tamb\u00e9m concebe e desenvolve exposi\u00e7\u00f5es tempor\u00e1rias e itinerantes, al\u00e9m de diversificada programa\u00e7\u00e3o cultural.<\/p>\n<p>O Museu \u00e9 totalmente acess\u00edvel ao p\u00fablico de pessoas com defici\u00eancia e estrangeiros, dispondo de recursos variados, tanto de acessibilidade f\u00edsica (escadas rolantes, elevadores, piso podot\u00e1til, cadeira de rodas) quanto de acessibilidade comunicacional (audioguias em ingl\u00eas, espanhol e para cegos, maquetes t\u00e1teis, materiais sensoriais etc). Em 2013, inaugurou o Centro de Refer\u00eancia do Futebol Brasileiro, que possui a primeira biblioteca p\u00fablica especializada em futebol no pa\u00eds, com mais de 3 mil t\u00edtulos nacionais e estrangeiros.<\/p>\n<p>Desde a inaugura\u00e7\u00e3o, o Museu do Futebol \u00e9 administrado pela Organiza\u00e7\u00e3o Social de Cultura IDBrasil Cultura, Educa\u00e7\u00e3o e Esporte, entidade privada sem fins lucrativos que presta servi\u00e7o p\u00fablico de interesse da comunidade. Parte dos recursos disponibilizados para a administra\u00e7\u00e3o do Museu do Futebol prov\u00e9m do Estado e parte prov\u00e9m de capta\u00e7\u00f5es realizadas pela pr\u00f3pria entidade (ingressos, loca\u00e7\u00f5es, patroc\u00ednios etc.). Trata-se de um modelo de gest\u00e3o de equipamentos culturais vigente no Estado de S\u00e3o Paulo desde 2005 e que tem mostrado resultados positivos. Al\u00e9m de garantir a qualidade no atendimento ao p\u00fablico, as organiza\u00e7\u00f5es sociais v\u00eam oxigenando as a\u00e7\u00f5es do Estado na \u00e1rea da cultura e garantindo uma bem-sucedida parceria entre poder p\u00fablico e sociedade civil organizada. Sua cria\u00e7\u00e3o foi uma iniciativa do Governo do Estado de S\u00e3o Paulo, por meio da Secretaria de Estado da Cultura, concebido e realizado originalmente\u00a0em parceria com a Funda\u00e7\u00e3o Roberto Marinho.<\/p>\n<p>A OS tem a fun\u00e7\u00e3o de manter os equipamentos e os instrumentos necess\u00e1rios para a realiza\u00e7\u00e3o dos servi\u00e7os contratados, bem como a integridade f\u00edsica da edifica\u00e7\u00e3o ocupada pelo Museu. Tamb\u00e9m se compromete em gerar a\u00e7\u00f5es e conte\u00fados coerentes com as especifica\u00e7\u00f5es da institui\u00e7\u00e3o que administra, ao mesmo tempo em que os divulga buscando atingir e dar acesso ao maior n\u00famero poss\u00edvel de pessoas.<\/p>\n<p>Conhe\u00e7a o <a href=\"https:\/\/museudofutebol.org.br\/teste\/wp-content\/uploads\/2021\/06\/JUN-2021-Plano-Museologico-Museu-do-Futebol-FINAL.pdf\">Plano Museol\u00f3gico do Museu do Futebol<\/a><\/p>\n<p>&nbsp;<\/p>\n<h3>Certifica\u00e7\u00f5es<\/h3>\n<p>&nbsp;<\/p>\n<div class=\"column one-third mobile-one\"><div class=\"mcb-column-inner\"> <img decoding=\"async\" loading=\"lazy\" class=\"alignleft wp-image-14898\" src=\"https:\/\/museudofutebol.org.br\/teste\/wp-content\/uploads\/2025\/01\/Horizontal-640x368.png\" alt=\"Logotipo do Selo Municipal de Direitos Humanos e Diversidade 7 \u00aa Edi\u00e7\u00e3o\" width=\"200\" height=\"115\" srcset=\"https:\/\/museudofutebol.org.br\/teste\/wp-content\/uploads\/2025\/01\/Horizontal-640x368.png 640w, https:\/\/museudofutebol.org.br\/teste\/wp-content\/uploads\/2025\/01\/Horizontal-1024x588.png 1024w, https:\/\/museudofutebol.org.br\/teste\/wp-content\/uploads\/2025\/01\/Horizontal-768x441.png 768w, https:\/\/museudofutebol.org.br\/teste\/wp-content\/uploads\/2025\/01\/Horizontal-1536x882.png 1536w, https:\/\/museudofutebol.org.br\/teste\/wp-content\/uploads\/2025\/01\/Horizontal-2048x1176.png 2048w, https:\/\/museudofutebol.org.br\/teste\/wp-content\/uploads\/2025\/01\/Horizontal-131x75.png 131w, https:\/\/museudofutebol.org.br\/teste\/wp-content\/uploads\/2025\/01\/Horizontal-700x402.png 700w\" sizes=\"(max-width:767px) 200px, 200px\" \/><\/div><\/div>\n <span class=\"TextRun SCXW13050277 BCX0\" lang=\"PT-BR\" xml:lang=\"PT-BR\" data-contrast=\"auto\"><span class=\"NormalTextRun SCXW13050277 BCX0\">Selo Igualdade Racial, concedido pela Prefeitura de S\u00e3o Paulo em 2022 e 2024 para institui\u00e7\u00f5es que mant\u00e9m pelo menos 20% de pessoas negras em seu quadro de funcion\u00e1rios e terceirizados. O IDBrasil, organiza\u00e7\u00e3o social de cultura que gerencia o Museu do Futebol, tem mais de 40% de colaboradores autodeclarados negros.<\/span><\/span><\/p>\n<p>&nbsp;<\/p>\n<div class=\"column one-third mobile-one\"><div class=\"mcb-column-inner\"> <img decoding=\"async\" loading=\"lazy\" class=\"alignnone wp-image-9509\" src=\"https:\/\/museudofutebol.org.br\/teste\/wp-content\/uploads\/2023\/07\/AF_CFB_LOGO_RGB-360x3603-1.png\" alt=\"\" width=\"195\" height=\"83\" srcset=\"https:\/\/museudofutebol.org.br\/teste\/wp-content\/uploads\/2023\/07\/AF_CFB_LOGO_RGB-360x3603-1.png 360w, https:\/\/museudofutebol.org.br\/teste\/wp-content\/uploads\/2023\/07\/AF_CFB_LOGO_RGB-360x3603-1-260x111.png 260w, https:\/\/museudofutebol.org.br\/teste\/wp-content\/uploads\/2023\/07\/AF_CFB_LOGO_RGB-360x3603-1-50x21.png 50w, https:\/\/museudofutebol.org.br\/teste\/wp-content\/uploads\/2023\/07\/AF_CFB_LOGO_RGB-360x3603-1-150x64.png 150w\" sizes=\"(max-width:767px) 195px, 195px\" \/><\/div><\/div>\n <span class=\"TextRun SCXW13050277 BCX0\" lang=\"PT-BR\" xml:lang=\"PT-BR\" data-contrast=\"auto\"><span class=\"NormalTextRun SCXW13050277 BCX0\">O Museu do Futebol recebeu o selo Carbon Free Brasil por neutralizar a emiss\u00e3o de carbono equivalente a um ano de opera\u00e7\u00e3o atrav\u00e9s do plantio de 174 \u00e1rvores, que correspondem a 1.040m\u00b2 de mata nativa restaurada. Ao todo, 42 toneladas de carbono que emitimos nas nossas atividades di\u00e1rias foram neutralizadas.<\/span><\/span><\/p>\n<p>&nbsp;<\/p>\n<h3>Pr\u00eamios<\/h3>\n<div>\n<p><strong>2024 <\/strong>Destaque na 14\u00ba Bienal Brasileira de Design para a revista Arquibancada, projeto gr\u00e1fico de Lucas Blatt<\/p>\n<p><strong>2024 <\/strong>Prata para a exposi\u00e7\u00e3o &#8220;Futebol de Brinquedo&#8221;, projeto do est\u00fadio Radiogr\u00e1fico, no 14\u00ba Pr\u00eamio Brasileiro de Design<\/p>\n<p><span class=\"TextRun SCXW13050277 BCX0\" lang=\"PT-BR\" xml:lang=\"PT-BR\" data-contrast=\"auto\"><span class=\"NormalTextRun SCXW13050277 BCX0\"><strong>2024 <\/strong>Selo Direitos Humanos e Diversidade, concedido pela Prefeitura de S\u00e3o Paulo, para os projetos Comit\u00ea Jovem e Museu Amigo do Idoso<\/span><\/span><\/p>\n<p><strong>2024\u00a0\u00a0<\/strong>Prata para a exposi\u00e7\u00e3o &#8220;Futebol de Brinquedo&#8221;, projeto do est\u00fadio Radiogr\u00e1fico, no Latin American Design<\/p>\n<p><span class=\"TextRun SCXW13050277 BCX0\" lang=\"PT-BR\" xml:lang=\"PT-BR\" data-contrast=\"auto\"><span class=\"NormalTextRun SCXW13050277 BCX0\"><strong>2022 <\/strong><\/span><span class=\"NormalTextRun SCXW13050277 BCX0\">Comunica\u00e7\u00e3o visual da exposi\u00e7\u00e3o \u201c22 em Campo\u201d, criada por Kiko Farkas, selecionada pela Bienal Iberoamericana de Design <\/span><\/span><span class=\"LineBreakBlob BlobObject DragDrop SCXW13050277 BCX0\"><br class=\"SCXW13050277 BCX0\" \/><\/span><\/p>\n<p><strong>2022\u00a0 <\/strong>Pr\u00eamio do F@IMP 2021-2022 Festival, promovido pelo AVICOM-ICOM, para o <a href=\"https:\/\/www.youtube.com\/watch?v=wC0N04OGp10\">document\u00e1rio Revivendo Mem\u00f3rias<\/a><\/p>\n<p><span class=\"TextRun SCXW13050277 BCX0\" lang=\"PT-BR\" xml:lang=\"PT-BR\" data-contrast=\"auto\"><span class=\"NormalTextRun SCXW13050277 BCX0\"><strong>2019<\/strong>\u00a0 Finalista da categoria Melhor Grande Evento com a instala\u00e7\u00e3o \u201cPel\u00e9 Mil Gols\u201d &#8211; Guia da Folha<\/span><\/span><\/p>\n<p><span class=\"TextRun SCXW13050277 BCX0\" lang=\"PT-BR\" xml:lang=\"PT-BR\" data-contrast=\"auto\"><span class=\"NormalTextRun SCXW13050277 BCX0\"><strong>2019<\/strong>\u00a0 Homenagem da Prefeitura de S\u00e3o Jos\u00e9 dos Campos <\/span><\/span><\/p>\n<p><span class=\"TextRun SCXW13050277 BCX0\" lang=\"PT-BR\" xml:lang=\"PT-BR\" data-contrast=\"auto\"><span class=\"NormalTextRun SCXW13050277 BCX0\"><strong>2019\u00a0<\/strong> Top 10 The <\/span><span class=\"NormalTextRun SpellingErrorV2Themed SCXW13050277 BCX0\">ArtNewspaper<\/span><span class=\"NormalTextRun SCXW13050277 BCX0\"> para a mostra \u201cMuseu do Futebol na \u00c1rea\u201d <\/span><\/span><span class=\"LineBreakBlob BlobObject DragDrop SCXW13050277 BCX0\"><br class=\"SCXW13050277 BCX0\" \/><\/span><\/p>\n<p><span class=\"TextRun SCXW13050277 BCX0\" lang=\"PT-BR\" xml:lang=\"PT-BR\" data-contrast=\"auto\"><span class=\"NormalTextRun SCXW13050277 BCX0\"><strong>2018\u00a0 <\/strong><\/span><span class=\"NormalTextRun SpellingErrorV2Themed SCXW13050277 BCX0\">Latin<\/span> <span class=\"NormalTextRun SpellingErrorV2Themed SCXW13050277 BCX0\">America<\/span> <span class=\"NormalTextRun SpellingErrorV2Themed SCXW13050277 BCX0\">Excellence<\/span> <span class=\"NormalTextRun SpellingErrorV2Themed SCXW13050277 BCX0\">Award<\/span><span class=\"NormalTextRun SCXW13050277 BCX0\"> pela a\u00e7\u00e3o \u201cUma noite no museu\u201d, em parceria com Booking.com<\/span><\/span><span class=\"LineBreakBlob BlobObject DragDrop SCXW13050277 BCX0\"><br class=\"SCXW13050277 BCX0\" \/><\/span><\/p>\n<p><span class=\"TextRun SCXW13050277 BCX0\" lang=\"PT-BR\" xml:lang=\"PT-BR\" data-contrast=\"auto\"><span class=\"NormalTextRun SCXW13050277 BCX0\"><strong>2014 a 2017<\/strong>\u00a0 Pr\u00eamio <\/span><span class=\"NormalTextRun SpellingErrorV2Themed SCXW13050277 BCX0\">Travellers<\/span><span class=\"NormalTextRun SCXW13050277 BCX0\">\u2019 <\/span><span class=\"NormalTextRun SpellingErrorV2Themed SCXW13050277 BCX0\">Choice<\/span><span class=\"NormalTextRun SCXW13050277 BCX0\"> como um dos 10 melhores museus do Brasil &#8211; <\/span><span class=\"NormalTextRun SpellingErrorV2Themed SCXW13050277 BCX0\">Trip<\/span> <span class=\"NormalTextRun SpellingErrorV2Themed SCXW13050277 BCX0\">Advisor<\/span><\/span><span class=\"LineBreakBlob BlobObject DragDrop SCXW13050277 BCX0\"><br class=\"SCXW13050277 BCX0\" \/><\/span><\/p>\n<p><strong>2013\u00a0 <\/strong>\u00a03\u00ba lugar no Pr\u00eamio Iberoamericano de Educa\u00e7\u00e3o em Museus, pelo Projeto Educativo Deficiente Residente<\/p>\n<p><span class=\"TextRun SCXW13050277 BCX0\" lang=\"PT-BR\" xml:lang=\"PT-BR\" data-contrast=\"auto\"><span class=\"NormalTextRun SCXW13050277 BCX0\"><strong>2012<\/strong>\u00a0 \u00a0Homenagem da C\u00e2mara Municipal de S\u00e3o Paulo <\/span><\/span><span class=\"LineBreakBlob BlobObject DragDrop SCXW13050277 BCX0\"><br class=\"SCXW13050277 BCX0\" \/><\/span><\/p>\n<p><strong>2012\u00a0 \u00a0<\/strong>Pr\u00eamio Darcy Ribeiro, conferido pelo IBRAM, pelo projeto educativo Deficiente Residente<\/p>\n<p><strong>2009<\/strong>\u00a0 Certificado 5 estrelas em Acessibilidade, concedido pela Secretaria Municipal de Pessoa com Defici\u00eancia e Mobilidade Reduzida de S\u00e3o Paulo<\/p>\n<p><span class=\"TextRun SCXW131864661 BCX0\" lang=\"PT-BR\" xml:lang=\"PT-BR\" data-contrast=\"auto\"><span class=\"NormalTextRun SCXW131864661 BCX0\"><strong>2010\u00a0<\/strong> Pr\u00eamio IDEA &#8211; <\/span><span class=\"NormalTextRun SpellingErrorV2Themed SCXW131864661 BCX0\">International<\/span><span class=\"NormalTextRun SCXW131864661 BCX0\"> Design <\/span><span class=\"NormalTextRun SpellingErrorV2Themed SCXW131864661 BCX0\">Excellence<\/span> <span class=\"NormalTextRun SpellingErrorV2Themed SCXW131864661 BCX0\">Award<\/span><span class=\"NormalTextRun SCXW131864661 BCX0\"> &#8211; Ouro na categoria Design de Ambientes<\/span><\/span><\/p>\n<p><span class=\"TextRun SCXW131864661 BCX0\" lang=\"PT-BR\" xml:lang=\"PT-BR\" data-contrast=\"auto\"><strong><span class=\"NormalTextRun SCXW131864661 BCX0\">2011\u00a0 \u00a0<\/span><\/strong><span class=\"NormalTextRun SCXW131864661 BCX0\">Pr\u00eamio IDEA Brasil &#8211; Vencedor na categoria Destaque Exporta\u00e7\u00e3o <\/span><\/span><\/p>\n<\/div>\n<p>[\/vc_column_text][\/vc_column][vc_column width=&#8221;1\/3&#8243;][vc_wp_custommenu nav_menu=&#8221;16&#8243;][\/vc_column][\/vc_row]<\/p>\n<\/div>","protected":false},"excerpt":{"rendered":"<p>[vc_row][vc_column width=&#8221;2\/3&#8243;][vc_column_text css=&#8221;&#8221;] Localizado numa \u00e1rea de 6.900 m\u00b2 no avesso das arquibancadas do Est\u00e1dio Municipal Paulo Machado de Carvalho \u2013 o Pacaembu, o Museu do<span class=\"excerpt-hellip\"> [\u2026]<\/span><\/p>\n","protected":false},"author":2,"featured_media":0,"parent":0,"menu_order":0,"comment_status":"closed","ping_status":"closed","template":"","meta":[],"acf":[],"yoast_head":"<!-- This site is optimized with the Yoast SEO plugin v20.8 - https:\/\/yoast.com\/wordpress\/plugins\/seo\/ -->\n<title>Institucional - Museu do Futebol<\/title>\n<meta name=\"robots\" content=\"index, follow, max-snippet:-1, max-image-preview:large, max-video-preview:-1\" \/>\n<link rel=\"canonical\" href=\"https:\/\/museudofutebol.org.br\/teste\/institucional-pt\/\" \/>\n<meta property=\"og:locale\" content=\"pt_BR\" \/>\n<meta property=\"og:type\" content=\"article\" \/>\n<meta property=\"og:title\" content=\"Institucional - Museu do Futebol\" \/>\n<meta property=\"og:description\" content=\"[vc_row][vc_column width=&#8221;2\/3&#8243;][vc_column_text css=&#8221;&#8221;] Localizado numa \u00e1rea de 6.900 m\u00b2 no avesso das arquibancadas do Est\u00e1dio Municipal Paulo Machado de Carvalho \u2013 o Pacaembu, o Museu do [\u2026]\" \/>\n<meta property=\"og:url\" content=\"https:\/\/museudofutebol.org.br\/teste\/institucional-pt\/\" \/>\n<meta property=\"og:site_name\" content=\"Museu do Futebol\" \/>\n<meta property=\"article:publisher\" content=\"https:\/\/www.facebook.com\/museudofutebol\" \/>\n<meta property=\"article:modified_time\" content=\"2025-01-31T21:47:54+00:00\" \/>\n<meta property=\"og:image\" content=\"https:\/\/museudofutebol.org.br\/teste\/wp-content\/uploads\/2020\/09\/MF_0168-Marcos-LopesRED-1024x682.png\" \/>\n<meta name=\"twitter:card\" content=\"summary_large_image\" \/>\n<meta name=\"twitter:site\" content=\"@museudofutebol\" \/>\n<meta name=\"twitter:label1\" content=\"Est. tempo de leitura\" \/>\n\t<meta name=\"twitter:data1\" content=\"5 minutos\" \/>\n<script type=\"application\/ld+json\" class=\"yoast-schema-graph\">{\"@context\":\"https:\/\/schema.org\",\"@graph\":[{\"@type\":\"WebPage\",\"@id\":\"https:\/\/museudofutebol.org.br\/teste\/institucional-pt\/\",\"url\":\"https:\/\/museudofutebol.org.br\/teste\/institucional-pt\/\",\"name\":\"Institucional - Museu do Futebol\",\"isPartOf\":{\"@id\":\"https:\/\/museudofutebol.org.br\/teste\/#website\"},\"datePublished\":\"2020-03-24T05:30:48+00:00\",\"dateModified\":\"2025-01-31T21:47:54+00:00\",\"breadcrumb\":{\"@id\":\"https:\/\/museudofutebol.org.br\/teste\/institucional-pt\/#breadcrumb\"},\"inLanguage\":\"pt-BR\",\"potentialAction\":[{\"@type\":\"ReadAction\",\"target\":[\"https:\/\/museudofutebol.org.br\/teste\/institucional-pt\/\"]}]},{\"@type\":\"BreadcrumbList\",\"@id\":\"https:\/\/museudofutebol.org.br\/teste\/institucional-pt\/#breadcrumb\",\"itemListElement\":[{\"@type\":\"ListItem\",\"position\":1,\"name\":\"In\u00edcio\",\"item\":\"https:\/\/museudofutebol.org.br\/teste\/\"},{\"@type\":\"ListItem\",\"position\":2,\"name\":\"Institucional\"}]},{\"@type\":\"WebSite\",\"@id\":\"https:\/\/museudofutebol.org.br\/teste\/#website\",\"url\":\"https:\/\/museudofutebol.org.br\/teste\/\",\"name\":\"Museu do Futebol\",\"description\":\"\",\"potentialAction\":[{\"@type\":\"SearchAction\",\"target\":{\"@type\":\"EntryPoint\",\"urlTemplate\":\"https:\/\/museudofutebol.org.br\/teste\/?s={search_term_string}\"},\"query-input\":\"required name=search_term_string\"}],\"inLanguage\":\"pt-BR\"}]}<\/script>\n<!-- \/ Yoast SEO plugin. -->","yoast_head_json":{"title":"Institucional - Museu do Futebol","robots":{"index":"index","follow":"follow","max-snippet":"max-snippet:-1","max-image-preview":"max-image-preview:large","max-video-preview":"max-video-preview:-1"},"canonical":"https:\/\/museudofutebol.org.br\/teste\/institucional-pt\/","og_locale":"pt_BR","og_type":"article","og_title":"Institucional - Museu do Futebol","og_description":"[vc_row][vc_column width=&#8221;2\/3&#8243;][vc_column_text css=&#8221;&#8221;] Localizado numa \u00e1rea de 6.900 m\u00b2 no avesso das arquibancadas do Est\u00e1dio Municipal Paulo Machado de Carvalho \u2013 o Pacaembu, o Museu do [\u2026]","og_url":"https:\/\/museudofutebol.org.br\/teste\/institucional-pt\/","og_site_name":"Museu do Futebol","article_publisher":"https:\/\/www.facebook.com\/museudofutebol","article_modified_time":"2025-01-31T21:47:54+00:00","og_image":[{"url":"https:\/\/museudofutebol.org.br\/teste\/wp-content\/uploads\/2020\/09\/MF_0168-Marcos-LopesRED-1024x682.png"}],"twitter_card":"summary_large_image","twitter_site":"@museudofutebol","twitter_misc":{"Est. tempo de leitura":"5 minutos"},"schema":{"@context":"https:\/\/schema.org","@graph":[{"@type":"WebPage","@id":"https:\/\/museudofutebol.org.br\/teste\/institucional-pt\/","url":"https:\/\/museudofutebol.org.br\/teste\/institucional-pt\/","name":"Institucional - Museu do Futebol","isPartOf":{"@id":"https:\/\/museudofutebol.org.br\/teste\/#website"},"datePublished":"2020-03-24T05:30:48+00:00","dateModified":"2025-01-31T21:47:54+00:00","breadcrumb":{"@id":"https:\/\/museudofutebol.org.br\/teste\/institucional-pt\/#breadcrumb"},"inLanguage":"pt-BR","potentialAction":[{"@type":"ReadAction","target":["https:\/\/museudofutebol.org.br\/teste\/institucional-pt\/"]}]},{"@type":"BreadcrumbList","@id":"https:\/\/museudofutebol.org.br\/teste\/institucional-pt\/#breadcrumb","itemListElement":[{"@type":"ListItem","position":1,"name":"In\u00edcio","item":"https:\/\/museudofutebol.org.br\/teste\/"},{"@type":"ListItem","position":2,"name":"Institucional"}]},{"@type":"WebSite","@id":"https:\/\/museudofutebol.org.br\/teste\/#website","url":"https:\/\/museudofutebol.org.br\/teste\/","name":"Museu do Futebol","description":"","potentialAction":[{"@type":"SearchAction","target":{"@type":"EntryPoint","urlTemplate":"https:\/\/museudofutebol.org.br\/teste\/?s={search_term_string}"},"query-input":"required name=search_term_string"}],"inLanguage":"pt-BR"}]}},"_links":{"self":[{"href":"https:\/\/museudofutebol.org.br\/teste\/wp-json\/wp\/v2\/pages\/79"}],"collection":[{"href":"https:\/\/museudofutebol.org.br\/teste\/wp-json\/wp\/v2\/pages"}],"about":[{"href":"https:\/\/museudofutebol.org.br\/teste\/wp-json\/wp\/v2\/types\/page"}],"author":[{"embeddable":true,"href":"https:\/\/museudofutebol.org.br\/teste\/wp-json\/wp\/v2\/users\/2"}],"replies":[{"embeddable":true,"href":"https:\/\/museudofutebol.org.br\/teste\/wp-json\/wp\/v2\/comments?post=79"}],"version-history":[{"count":34,"href":"https:\/\/museudofutebol.org.br\/teste\/wp-json\/wp\/v2\/pages\/79\/revisions"}],"predecessor-version":[{"id":14899,"href":"https:\/\/museudofutebol.org.br\/teste\/wp-json\/wp\/v2\/pages\/79\/revisions\/14899"}],"wp:attachment":[{"href":"https:\/\/museudofutebol.org.br\/teste\/wp-json\/wp\/v2\/media?parent=79"}],"curies":[{"name":"wp","href":"https:\/\/api.w.org\/{rel}","templated":true}]}}